{"version":"1.0","provider_name":"Soci\u00e9t\u00e9 de l&#039;Histoire du Protestantisme Fran\u00e7ais","provider_url":"https:\/\/www.shpf.fr\/de\/","author_name":"presidence_shpf","author_url":"https:\/\/www.shpf.fr\/de\/author\/presidence_shpf\/","title":"Paul Fagius et l\u2019Int\u00e9rim de 1548 \u00e0 Strasbourg : l\u2019\u00c9glise comme arche de No\u00e9, au d\u00e9part vers l\u2019exil &#8211; Soci\u00e9t\u00e9 de l&#039;Histoire du Protestantisme Fran\u00e7ais","type":"rich","width":600,"height":338,"html":"<blockquote class=\"wp-embedded-content\" data-secret=\"kNfNZQYz5o\"><a href=\"https:\/\/www.shpf.fr\/de\/article\/3540\/\">Paul Fagius et l\u2019Int\u00e9rim de 1548 \u00e0 Strasbourg : l\u2019\u00c9glise comme arche de No\u00e9, au d\u00e9part vers l\u2019exil<\/a><\/blockquote><iframe sandbox=\"allow-scripts\" security=\"restricted\" src=\"https:\/\/www.shpf.fr\/de\/article\/3540\/embed\/#?secret=kNfNZQYz5o\" width=\"600\" height=\"338\" title=\"&#8222;Paul Fagius et l\u2019Int\u00e9rim de 1548 \u00e0 Strasbourg : l\u2019\u00c9glise comme arche de No\u00e9, au d\u00e9part vers l\u2019exil&#8220; &#8211; Soci\u00e9t\u00e9 de l&#039;Histoire du Protestantisme Fran\u00e7ais\" data-secret=\"kNfNZQYz5o\" frameborder=\"0\" marginwidth=\"0\" marginheight=\"0\" scrolling=\"no\" class=\"wp-embedded-content\"><\/iframe><script type=\"text\/javascript\">\n\/* <![CDATA[ *\/\n\/*! This file is auto-generated *\/\n!function(d,l){\"use strict\";l.querySelector&&d.addEventListener&&\"undefined\"!=typeof URL&&(d.wp=d.wp||{},d.wp.receiveEmbedMessage||(d.wp.receiveEmbedMessage=function(e){var t=e.data;if((t||t.secret||t.message||t.value)&&!\/[^a-zA-Z0-9]\/.test(t.secret)){for(var s,r,n,a=l.querySelectorAll('iframe[data-secret=\"'+t.secret+'\"]'),o=l.querySelectorAll('blockquote[data-secret=\"'+t.secret+'\"]'),c=new RegExp(\"^https?:$\",\"i\"),i=0;i<o.length;i++)o[i].style.display=\"none\";for(i=0;i<a.length;i++)s=a[i],e.source===s.contentWindow&&(s.removeAttribute(\"style\"),\"height\"===t.message?(1e3<(r=parseInt(t.value,10))?r=1e3:~~r<200&&(r=200),s.height=r):\"link\"===t.message&&(r=new URL(s.getAttribute(\"src\")),n=new URL(t.value),c.test(n.protocol))&&n.host===r.host&&l.activeElement===s&&(d.top.location.href=t.value))}},d.addEventListener(\"message\",d.wp.receiveEmbedMessage,!1),l.addEventListener(\"DOMContentLoaded\",function(){for(var e,t,s=l.querySelectorAll(\"iframe.wp-embedded-content\"),r=0;r<s.length;r++)(t=(e=s[r]).getAttribute(\"data-secret\"))||(t=Math.random().toString(36).substring(2,12),e.src+=\"#?secret=\"+t,e.setAttribute(\"data-secret\",t)),e.contentWindow.postMessage({message:\"ready\",secret:t},\"*\")},!1)))}(window,document);\n\/* ]]> *\/\n<\/script>\n","description":"Paul Fagius, der bekannte Hebraist und Theologieprofessor (Altes Testament) an der Hohen Schule in Stra\u00dfburg, zugleich Prediger an der Kirche Jung St. Peter, lehrte kontinuierlich an der Fakult\u00e4t bis zum letzten Moment als er gezwungenerma\u00dfen 1549 zum Exil nach England..."}