{"id":3236,"date":"2018-07-02T14:11:29","date_gmt":"2018-07-02T12:11:29","guid":{"rendered":"https:\/\/www.shpf.fr?page_id=3236"},"modified":"2018-07-03T11:53:05","modified_gmt":"2018-07-03T09:53:05","slug":"what-is-the-shpf-societe-de-lhistoire-du-protestantisme-francais-french-protestant-historical-society","status":"publish","type":"page","link":"https:\/\/www.shpf.fr\/en\/what-is-the-shpf-societe-de-lhistoire-du-protestantisme-francais-french-protestant-historical-society\/","title":{"rendered":"What is the SHPF- Soci\u00e9t\u00e9 de l\u2019Histoire du Protestantisme Fran\u00e7ais"},"content":{"rendered":"<p class=\"Standard\"><span lang=\"EN-GB\">Founded in 1852 the French Protestant Historical Society is one of the oldest learned societies in France -The State Council declared it a public service on 13 July 1870. Its aim is to gather, preserve and publish documents about the history of French Protestantism, but also to develop research in the field.<\/span><\/p>\n<p class=\"Standard\"><span lang=\"EN-GB\">\u00a0<\/span><\/p>\n<p class=\"Standard\"><span lang=\"EN-GB\">To ensure the <b>double, patrimonial and scientific, mission<\/b>, the SHPF has kept a large library in the centre of Paris at 54 rue des Saints P\u00e8res, since 1885. It publishes a quarterly magazine <b><a href=\"https:\/\/www.shpf.fr\/numero\">Revue d\u2019Histoire du protestantisme<\/a> (Magazine of the History of Protestantism)<\/b> -formerly called <i>historical and literary bulletin of the French Protestant Society<\/i> -, to be found in <a href=\"https:\/\/gallica.bnf.fr\/ark:\/12148\/cb34349275w\/date.r=bulletin++protestantisme.langFR\" target=\"_blank\" rel=\"noopener\"><u>Gallica<\/u><\/a> and major magazine databases.<\/span><\/p>\n<p class=\"Standard\"><span lang=\"EN-GB\">\u00a0<\/span><\/p>\n<p class=\"Standard\"><span lang=\"EN-GB\">With 100,000 volumes and manuscript plus iconographic holdings, the <a href=\"https:\/\/www.shpf.fr\/bibliotheque\"><u>Biblioth\u00e8que du protestantisme fran\u00e7ais<\/u><\/a> (<u>Library of French Protestantism<\/u><b>)<\/b> has become the main research centre on Protestantism in French, welcomes students as well as French and foreign researchers.<\/span><\/p>\n<p class=\"Standard\"><span lang=\"EN-GB\">\u00a0<\/span><\/p>\n<p class=\"Standard\"><span lang=\"EN-GB\">The library is intended to receive papers from institutions, from private individuals and leading figures of French Protestantism, to preserve and highlight the documents. The<a href=\"https:\/\/www.shpf.fr\/cahier\"> <u>Centre de g\u00e9n\u00e9alogie<\/u> <\/a><u>protestante (Centre for Protestant Genealogy)<\/u> of the SHPF has a similar aim.<\/span><\/p>\n<p class=\"Standard\"><span lang=\"EN-GB\">\u00a0<\/span><\/p>\n<p class=\"Standard\"><span lang=\"EN-GB\">The property policy of the SHPF also concerns <a href=\"https:\/\/www.shpf.fr\/musees\"><u>museums<\/u><\/a>, situated in Protestant historical places, such as the <u>mus\u00e9e du D\u00e9sert<\/u> in Mialet (Gard region) and the <u>mus\u00e9e Jean Calvin<\/u> in Noyon (Oise region).<\/span><\/p>\n<p class=\"Standard\"><span lang=\"EN-GB\">\u00a0<\/span><\/p>\n<p class=\"Standard\"><span lang=\"EN-GB\">The SHPF along with the Eug\u00e8ne Bersier Foundation has created the <u><a href=\"https:\/\/www.museeprotestant.org\/\">Mus\u00e9e virtuel du protestantisme<\/a> (Virtual Museum of Protestantism<\/u><b>)<\/b>. It also co-hosts the <u>European Network of Museums of Protestantism<\/u>.<\/span><\/p>\n<p>&nbsp;<\/p>\n<p><strong>Committee of the SHPF, its members<\/strong><\/p>\n<p>&nbsp;<\/p>\n<p><strong>President:<\/strong>\u00a0Isabelle SABATIER, cons<sup>r<\/sup> g<sup>al<\/sup> des biblioth\u00e8ques.<\/p>\n<p><strong>Vice-President:<\/strong>\u00a0Marianne CARBONNIER-BURKARD, m.d.c. h<sup>re<\/sup> IPT.<\/p>\n<p><strong>Secretary General:<\/strong>\u00a0Jean-Hugues CARBONNIER, avocat.<\/p>\n<p><strong>Treasurer:<\/strong>\u00a0Fran\u00e7ois MATTER.<\/p>\n<p>&nbsp;<\/p>\n<p><strong>Deputy members of the board:<\/strong><\/p>\n<p style=\"margin: 0cm; margin-bottom: .0001pt;\">Hubert BOST, Pr\u00e9sident E.P.H.E.<br \/>\nAntoine DURRLEMAN, P<sup>dt <\/sup>ch. Cour des comptes (Finances).<\/p>\n<p style=\"margin: 0cm; margin-bottom: .0001pt;\">Corinne GIBELLO-BERNETTE, conservateur BnF (Biblioth\u00e8que).<\/p>\n<p style=\"margin: 0cm; margin-bottom: .0001pt;\">Henri ZUBER, arch. Pal\u00e9ographe (Fonds Ferdinand de Schickler).<\/p>\n<p>&nbsp;<\/p>\n<p><strong>Honorary members:\u00a0<\/strong>Victor BEYER, Michel LEPLAY. Christian de POURTAL\u00c8S.<\/p>\n<p>&nbsp;<\/p>\n<p><strong>Members:<\/strong><\/p>\n<p style=\"margin: 0cm; margin-bottom: .0001pt;\">Pierre-Emmanuel AUDAP, commissaire-priseur.<\/p>\n<p style=\"margin: 0cm; margin-bottom: .0001pt;\">Jean BAUB\u00c9ROT, dir.d\u2019Et. h<sup>re<\/sup> EPHE.<\/p>\n<p style=\"margin: 0cm; margin-bottom: .0001pt;\">Nicolas BOISSONNAS, Pdt de soci\u00e9t\u00e9s<\/p>\n<p style=\"margin: 0cm; margin-bottom: .0001pt;\">Alain BOYER, pr\u00e9fet h<sup>re<\/sup>.<\/p>\n<p style=\"margin: 0cm; margin-bottom: .0001pt;\">Pierre de BOUSQUET de FLORIAN, pr\u00e9fet.<\/p>\n<p style=\"margin: 0cm; margin-bottom: .0001pt;\">Patrick CABANEL, dir.d\u2019Et. EPHE.<\/p>\n<p style=\"margin: 0cm; margin-bottom: .0001pt;\">Gabrielle CADIER, m.d.c. em. Univ. Paris 4.<\/p>\n<p style=\"margin: 0cm; margin-bottom: .0001pt;\">Denis CARBONNIER, avocat aux conseils.<\/p>\n<p style=\"margin: 0cm; margin-bottom: .0001pt;\">Catherine COSTE, Pdte association Fran\u00e7ois Guizot-Val Richer.<\/p>\n<p style=\"margin: 0cm; margin-bottom: .0001pt;\">Bernard COTTRET, P<sup>r<\/sup> em.Univ.Versailles-St-Quentin.<\/p>\n<p style=\"margin: 0cm; margin-bottom: .0001pt;\">Andr\u00e9 ENCREV\u00c9, P<sup>r<\/sup> em.Univ. Paris XII.<\/p>\n<p style=\"margin: 0cm; margin-bottom: .0001pt;\">Denis FAURE, admr. de soci\u00e9t\u00e9s<\/p>\n<p style=\"margin: 0cm; margin-bottom: .0001pt;\">Jean-Claude GARRETA, arch. pal\u00e9ographe<\/p>\n<p style=\"margin: 0cm; margin-bottom: .0001pt;\">Janine GARRISSON, P<sup>r<\/sup> h<sup>re<\/sup> Univ. Limoges.<\/p>\n<p style=\"margin: 0cm; margin-bottom: .0001pt;\">Pierre-Yves GAUTIER, P<sup>r<\/sup> Univ. Paris 2.<\/p>\n<p style=\"margin: 0cm; margin-bottom: .0001pt;\">Frank LESTRINGANT, P<sup>r<\/sup> Univ. Paris 4.<\/p>\n<p style=\"margin: 0cm; margin-bottom: .0001pt;\">Marc LIENHARD, P<sup>r<\/sup>.\u00e9m.Univ. Strasbourg.<\/p>\n<p style=\"margin: 0cm; margin-bottom: .0001pt;\">Paul LIENHARDT, pasteur.<\/p>\n<p style=\"margin: 0cm; margin-bottom: .0001pt;\">Michel MARION, cons<sup>r<\/sup> g<sup>al<\/sup> des biblioth\u00e8ques.<\/p>\n<p style=\"margin: 0cm; margin-bottom: .0001pt;\">Olivier MILLET, P<sup>r<\/sup> Univ. Paris 4.<\/p>\n<p style=\"margin: 0cm; margin-bottom: .0001pt;\">Annie NOBLESSE-ROCHER, P<sup>r<\/sup> Univ. Strasbourg.<\/p>\n<p style=\"margin: 0cm; margin-bottom: .0001pt;\">Bernard ROUSSEL, dir.d\u2019Et. h<sup>re<\/sup> EPHE.<\/p>\n<p style=\"margin: 0cm; margin-bottom: .0001pt;\">Laurent SCHLUMBERGER, pasteur.<\/p>\n<p style=\"margin: 0cm; margin-bottom: .0001pt;\">Laurent THEIS, P<sup>dt <\/sup>\u00a0h<sup>re <\/sup>\u00a0SHPF.<\/p>\n<p style=\"margin: 0cm; margin-bottom: .0001pt;\">Denis VATINEL, pasteur.<\/p>\n<p style=\"margin: 0cm; margin-bottom: .0001pt;\">Paul VIALLANEIX, P<sup>r<\/sup> h<sup>re<\/sup> Univ. Clermont-Ferrand.<\/p>\n<p style=\"margin: 0cm; margin-bottom: .0001pt;\">Bernard VOGLER, P<sup>r <\/sup>em. Univ. Strasbourg.<\/p>\n<p style=\"margin: 0cm; margin-bottom: .0001pt;\">Edith WEBER, P<sup>r<\/sup>.\u00e9m.\u00e0 la Sorbonne.<\/p>\n<p style=\"margin: 0cm; margin-bottom: .0001pt;\">Jean-Paul WILLAIME, dir. d&#8217;Et.em. EPHE.<\/p>\n<p>&nbsp;<\/p>\n<p><strong>Associate members:<\/strong><\/p>\n<p style=\"margin: 0cm; margin-bottom: .0001pt;\">Arnaud BAUB\u00c9ROT, m. de c. Univ. Paris XII.<\/p>\n<p style=\"margin: 0cm; margin-bottom: .0001pt;\">Chrystel BERNAT, m.d.c. IPT Montpellier.<\/p>\n<p style=\"margin: 0cm; margin-bottom: .0001pt;\">Neal BLOUGH, P<sup>r<\/sup> Fac. th. Vaux-sur-Seine.<\/p>\n<p style=\"margin: 0cm; margin-bottom: .0001pt;\">C\u00e9line BORELLO, P<sup>r<\/sup> Univ. du Maine.<\/p>\n<p style=\"margin: 0cm; margin-bottom: .0001pt;\">Fran\u00e7ois BOULET, agr\u00e9g\u00e9 d&#8217;Univ.<\/p>\n<p style=\"margin: 0cm; margin-bottom: .0001pt;\">Philippe B\u00dcTTGEN, P<sup>r<\/sup> Univ. Paris 1.<\/p>\n<p style=\"margin: 0cm; margin-bottom: .0001pt;\">Sylvie CADIER, arch. pal\u00e9ographe.<\/p>\n<p style=\"margin: 0cm; margin-bottom: .0001pt;\">Philippe CHAREYRE, P<sup>r<\/sup> Univ. Pau<\/p>\n<p style=\"margin: 0cm; margin-bottom: .0001pt;\">Fran\u00e7oise CHEVALIER.<\/p>\n<p style=\"margin: 0cm; margin-bottom: .0001pt;\">Francis CHRISTIAN.<\/p>\n<p style=\"margin: 0cm; margin-bottom: .0001pt;\">Olivier CORDEY.<\/p>\n<p style=\"margin: 0cm; margin-bottom: .0001pt;\">S\u00e9bastien FATH, dir. rech. CNRS.<\/p>\n<p style=\"margin: 0cm; margin-bottom: .0001pt;\">Daniel FRIES, P<sup>r<\/sup> des Univ.<\/p>\n<p style=\"margin: 0cm; margin-bottom: .0001pt;\">Christiane GUTTINGER.<\/p>\n<p style=\"margin: 0cm; margin-bottom: .0001pt;\">Patrick HARISMENDY, P<sup>r<\/sup> Univ. Rennes 2.<\/p>\n<p style=\"margin: 0cm; margin-bottom: .0001pt;\">Pierre-Yves KIRSHLEGER, m.d.c. Univ. Montpellier.<\/p>\n<p style=\"margin: 0cm; margin-bottom: .0001pt;\">Pierre-Olivier L\u00c9CHOT, m.d.c. IPT Paris.<\/p>\n<p style=\"margin: 0cm; margin-bottom: .0001pt;\">Fran\u00e7ois MARCHAUD.<\/p>\n<p style=\"margin: 0cm; margin-bottom: .0001pt;\">Christian de MONTBRISON.<\/p>\n<p style=\"margin: 0cm; margin-bottom: .0001pt;\">Mich\u00e8le MOULIN,cons<sup>r<\/sup> g<sup>al<\/sup> des biblioth\u00e8ques.<\/p>\n<p style=\"margin: 0cm; margin-bottom: .0001pt;\">Didier POTON DE XAINTRAILLES, Pr \u00e9m. Univ. La Rochelle<\/p>\n<p style=\"margin: 0cm; margin-bottom: .0001pt;\">Catherine SECRETAN, dir. Rech. CNRS.<\/p>\n<p style=\"margin: 0cm; margin-bottom: .0001pt;\">Gilles VIDAL, m.d.c. IPT Montpellier.<\/p>\n<p style=\"margin: 0cm; margin-bottom: .0001pt;\">Christian WOLFF, arch. pal\u00e9ographe.<\/p>\n<p style=\"margin: 0cm; margin-bottom: .0001pt;\">Jean-Fran\u00e7ois ZORN, P<sup>r <\/sup>em. IPT Montpellier.<\/p>\n<p style=\"margin: 0cm; margin-bottom: .0001pt;\">Valentine ZUBER, dir.d&#8217;et. EPHE.<\/p>\n<p>&nbsp;<\/p>\n<p><strong>Abroad:<\/strong><\/p>\n<p style=\"margin: 0cm; margin-bottom: .0001pt;\">Emidio CAMPI, P<sup>r<\/sup>. Univ. Zurich.<\/p>\n<p style=\"margin: 0cm; margin-bottom: .0001pt;\">Dieter COERTZEN, P<sup>dt<\/sup> de The Huguenot Society of South Africa.<\/p>\n<p style=\"margin: 0cm; margin-bottom: .0001pt;\">Olivier FATIO, P<sup>r<\/sup> Univ. Gen\u00e8ve.<\/p>\n<p style=\"margin: 0cm; margin-bottom: .0001pt;\">Thomas KAUFMANN, P<sup>r<\/sup> Univ. G\u00f6ttingen.<\/p>\n<p style=\"margin: 0cm; margin-bottom: .0001pt;\">Simone SAXER, Berne.<\/p>\n<p style=\"margin: 0cm; margin-bottom: .0001pt;\">R\u00e9my SCHEURER, P<sup>r<\/sup>. Univ. de Neuch\u00e2tel.<\/p>\n<p style=\"margin: 0cm; margin-bottom: .0001pt;\">Ruth WHELAN, P<sup>r<\/sup>. Univ. Maynooth (Irl.).<\/p>\n<p>&nbsp;<\/p>\n<p><strong>presidents of Huguenot Societies&#8230;<\/strong><\/p>\n<p style=\"margin: 0cm; margin-bottom: .0001pt;\">Soci\u00e9t\u00e9 genevoise en faveur des protestants diss\u00e9min\u00e9s<\/p>\n<p style=\"margin: 0cm; margin-bottom: .0001pt;\">Association suisse pour l\u2019histoire du refuge huguenot<\/p>\n<p style=\"margin: 0cm; margin-bottom: .0001pt;\">Soci\u00e9t\u00e9 royale d\u2019histoire du protestantisme belge<\/p>\n<p style=\"margin: 0cm; margin-bottom: .0001pt;\">Soci\u00e9t\u00e9 huguenote des Pays-Bas<\/p>\n<p style=\"margin: 0cm; margin-bottom: .0001pt;\">Huguenot Society of America<\/p>\n<p style=\"margin: 0cm; margin-bottom: .0001pt;\">Huguenot Society of Great Britain and Ireland<\/p>\n<p style=\"margin: 0cm; margin-bottom: .0001pt;\">Deutsche hugenotten Gesellschaft<\/p>\n<p style=\"margin: 0cm; margin-bottom: .0001pt;\">Gustav-Adolf Werk<\/p>\n<p style=\"margin: 0cm; margin-bottom: .0001pt;\">Fondazione Centro Culturale Valdese<\/p>\n","protected":false},"excerpt":{"rendered":"<p>Founded in 1852 the French Protestant Historical Society is one of the oldest learned societies in France -The State Council declared it a public service on 13 July 1870. Its aim is to gather, preserve and publish documents about the&#8230;<\/p>\n","protected":false},"author":2,"featured_media":1636,"parent":0,"menu_order":0,"comment_status":"closed","ping_status":"closed","template":"","meta":{"_acf_changed":false,"footnotes":""},"class_list":["post-3236","page","type-page","status-publish","has-post-thumbnail","hentry"],"acf":[],"yoast_head":"<!-- This site is optimized with the Yoast SEO plugin v25.7 - https:\/\/yoast.com\/wordpress\/plugins\/seo\/ -->\n<title>What is the SHPF- Soci\u00e9t\u00e9 de l\u2019Histoire du Protestantisme Fran\u00e7ais &#8211; Soci\u00e9t\u00e9 de l&#039;Histoire du Protestantisme Fran\u00e7ais<\/title>\n<meta name=\"robots\" content=\"index, follow, max-snippet:-1, max-image-preview:large, max-video-preview:-1\" \/>\n<link rel=\"canonical\" href=\"https:\/\/www.shpf.fr\/en\/what-is-the-shpf-societe-de-lhistoire-du-protestantisme-francais-french-protestant-historical-society\/\" \/>\n<meta property=\"og:locale\" content=\"en_US\" \/>\n<meta property=\"og:type\" content=\"article\" \/>\n<meta property=\"og:title\" content=\"What is the SHPF- Soci\u00e9t\u00e9 de l\u2019Histoire du Protestantisme Fran\u00e7ais &#8211; Soci\u00e9t\u00e9 de l&#039;Histoire du Protestantisme Fran\u00e7ais\" \/>\n<meta property=\"og:description\" content=\"Founded in 1852 the French Protestant Historical Society is one of the oldest learned societies in France -The State Council declared it a public service on 13 July 1870. Its aim is to gather, preserve and publish documents about the...\" \/>\n<meta property=\"og:url\" content=\"https:\/\/www.shpf.fr\/en\/what-is-the-shpf-societe-de-lhistoire-du-protestantisme-francais-french-protestant-historical-society\/\" \/>\n<meta property=\"og:site_name\" content=\"Soci\u00e9t\u00e9 de l&#039;Histoire du Protestantisme Fran\u00e7ais\" \/>\n<meta property=\"article:modified_time\" content=\"2018-07-03T09:53:05+00:00\" \/>\n<meta property=\"og:image\" content=\"https:\/\/www.shpf.fr\/wp-content\/uploads\/2018\/03\/IMG_7597-1024x768.jpg\" \/>\n\t<meta property=\"og:image:width\" content=\"1024\" \/>\n\t<meta property=\"og:image:height\" content=\"768\" \/>\n\t<meta property=\"og:image:type\" content=\"image\/jpeg\" \/>\n<meta name=\"twitter:card\" content=\"summary_large_image\" \/>\n<meta name=\"twitter:label1\" content=\"Est. reading time\" \/>\n\t<meta name=\"twitter:data1\" content=\"4 minutes\" \/>\n<script type=\"application\/ld+json\" class=\"yoast-schema-graph\">{\"@context\":\"https:\/\/schema.org\",\"@graph\":[{\"@type\":\"WebPage\",\"@id\":\"https:\/\/www.shpf.fr\/en\/what-is-the-shpf-societe-de-lhistoire-du-protestantisme-francais-french-protestant-historical-society\/\",\"url\":\"https:\/\/www.shpf.fr\/en\/what-is-the-shpf-societe-de-lhistoire-du-protestantisme-francais-french-protestant-historical-society\/\",\"name\":\"What is the SHPF- Soci\u00e9t\u00e9 de l\u2019Histoire du Protestantisme Fran\u00e7ais &#8211; Soci\u00e9t\u00e9 de l&#039;Histoire du Protestantisme Fran\u00e7ais\",\"isPartOf\":{\"@id\":\"https:\/\/www.shpf.fr\/#website\"},\"primaryImageOfPage\":{\"@id\":\"https:\/\/www.shpf.fr\/en\/what-is-the-shpf-societe-de-lhistoire-du-protestantisme-francais-french-protestant-historical-society\/#primaryimage\"},\"image\":{\"@id\":\"https:\/\/www.shpf.fr\/en\/what-is-the-shpf-societe-de-lhistoire-du-protestantisme-francais-french-protestant-historical-society\/#primaryimage\"},\"thumbnailUrl\":\"https:\/\/www.shpf.fr\/wp-content\/uploads\/2018\/03\/IMG_7597.jpg\",\"datePublished\":\"2018-07-02T12:11:29+00:00\",\"dateModified\":\"2018-07-03T09:53:05+00:00\",\"breadcrumb\":{\"@id\":\"https:\/\/www.shpf.fr\/en\/what-is-the-shpf-societe-de-lhistoire-du-protestantisme-francais-french-protestant-historical-society\/#breadcrumb\"},\"inLanguage\":\"en-US\",\"potentialAction\":[{\"@type\":\"ReadAction\",\"target\":[\"https:\/\/www.shpf.fr\/en\/what-is-the-shpf-societe-de-lhistoire-du-protestantisme-francais-french-protestant-historical-society\/\"]}]},{\"@type\":\"ImageObject\",\"inLanguage\":\"en-US\",\"@id\":\"https:\/\/www.shpf.fr\/en\/what-is-the-shpf-societe-de-lhistoire-du-protestantisme-francais-french-protestant-historical-society\/#primaryimage\",\"url\":\"https:\/\/www.shpf.fr\/wp-content\/uploads\/2018\/03\/IMG_7597.jpg\",\"contentUrl\":\"https:\/\/www.shpf.fr\/wp-content\/uploads\/2018\/03\/IMG_7597.jpg\",\"width\":4000,\"height\":3000},{\"@type\":\"BreadcrumbList\",\"@id\":\"https:\/\/www.shpf.fr\/en\/what-is-the-shpf-societe-de-lhistoire-du-protestantisme-francais-french-protestant-historical-society\/#breadcrumb\",\"itemListElement\":[{\"@type\":\"ListItem\",\"position\":1,\"name\":\"Accueil\",\"item\":\"https:\/\/www.shpf.fr\/\"},{\"@type\":\"ListItem\",\"position\":2,\"name\":\"What is the SHPF- Soci\u00e9t\u00e9 de l\u2019Histoire du Protestantisme Fran\u00e7ais\"}]},{\"@type\":\"WebSite\",\"@id\":\"https:\/\/www.shpf.fr\/#website\",\"url\":\"https:\/\/www.shpf.fr\/\",\"name\":\"Soci\u00e9t\u00e9 de l&#039;Histoire du Protestantisme Fran\u00e7ais\",\"description\":\"Soci\u00e9t\u00e9 savante fond\u00e9e en 1852\",\"potentialAction\":[{\"@type\":\"SearchAction\",\"target\":{\"@type\":\"EntryPoint\",\"urlTemplate\":\"https:\/\/www.shpf.fr\/?s={search_term_string}\"},\"query-input\":{\"@type\":\"PropertyValueSpecification\",\"valueRequired\":true,\"valueName\":\"search_term_string\"}}],\"inLanguage\":\"en-US\"}]}<\/script>\n<!-- \/ Yoast SEO plugin. -->","yoast_head_json":{"title":"What is the SHPF- Soci\u00e9t\u00e9 de l\u2019Histoire du Protestantisme Fran\u00e7ais &#8211; Soci\u00e9t\u00e9 de l&#039;Histoire du Protestantisme Fran\u00e7ais","robots":{"index":"index","follow":"follow","max-snippet":"max-snippet:-1","max-image-preview":"max-image-preview:large","max-video-preview":"max-video-preview:-1"},"canonical":"https:\/\/www.shpf.fr\/en\/what-is-the-shpf-societe-de-lhistoire-du-protestantisme-francais-french-protestant-historical-society\/","og_locale":"en_US","og_type":"article","og_title":"What is the SHPF- Soci\u00e9t\u00e9 de l\u2019Histoire du Protestantisme Fran\u00e7ais &#8211; Soci\u00e9t\u00e9 de l&#039;Histoire du Protestantisme Fran\u00e7ais","og_description":"Founded in 1852 the French Protestant Historical Society is one of the oldest learned societies in France -The State Council declared it a public service on 13 July 1870. Its aim is to gather, preserve and publish documents about the...","og_url":"https:\/\/www.shpf.fr\/en\/what-is-the-shpf-societe-de-lhistoire-du-protestantisme-francais-french-protestant-historical-society\/","og_site_name":"Soci\u00e9t\u00e9 de l&#039;Histoire du Protestantisme Fran\u00e7ais","article_modified_time":"2018-07-03T09:53:05+00:00","og_image":[{"width":1024,"height":768,"url":"https:\/\/www.shpf.fr\/wp-content\/uploads\/2018\/03\/IMG_7597-1024x768.jpg","type":"image\/jpeg"}],"twitter_card":"summary_large_image","twitter_misc":{"Est. reading time":"4 minutes"},"schema":{"@context":"https:\/\/schema.org","@graph":[{"@type":"WebPage","@id":"https:\/\/www.shpf.fr\/en\/what-is-the-shpf-societe-de-lhistoire-du-protestantisme-francais-french-protestant-historical-society\/","url":"https:\/\/www.shpf.fr\/en\/what-is-the-shpf-societe-de-lhistoire-du-protestantisme-francais-french-protestant-historical-society\/","name":"What is the SHPF- Soci\u00e9t\u00e9 de l\u2019Histoire du Protestantisme Fran\u00e7ais &#8211; Soci\u00e9t\u00e9 de l&#039;Histoire du Protestantisme Fran\u00e7ais","isPartOf":{"@id":"https:\/\/www.shpf.fr\/#website"},"primaryImageOfPage":{"@id":"https:\/\/www.shpf.fr\/en\/what-is-the-shpf-societe-de-lhistoire-du-protestantisme-francais-french-protestant-historical-society\/#primaryimage"},"image":{"@id":"https:\/\/www.shpf.fr\/en\/what-is-the-shpf-societe-de-lhistoire-du-protestantisme-francais-french-protestant-historical-society\/#primaryimage"},"thumbnailUrl":"https:\/\/www.shpf.fr\/wp-content\/uploads\/2018\/03\/IMG_7597.jpg","datePublished":"2018-07-02T12:11:29+00:00","dateModified":"2018-07-03T09:53:05+00:00","breadcrumb":{"@id":"https:\/\/www.shpf.fr\/en\/what-is-the-shpf-societe-de-lhistoire-du-protestantisme-francais-french-protestant-historical-society\/#breadcrumb"},"inLanguage":"en-US","potentialAction":[{"@type":"ReadAction","target":["https:\/\/www.shpf.fr\/en\/what-is-the-shpf-societe-de-lhistoire-du-protestantisme-francais-french-protestant-historical-society\/"]}]},{"@type":"ImageObject","inLanguage":"en-US","@id":"https:\/\/www.shpf.fr\/en\/what-is-the-shpf-societe-de-lhistoire-du-protestantisme-francais-french-protestant-historical-society\/#primaryimage","url":"https:\/\/www.shpf.fr\/wp-content\/uploads\/2018\/03\/IMG_7597.jpg","contentUrl":"https:\/\/www.shpf.fr\/wp-content\/uploads\/2018\/03\/IMG_7597.jpg","width":4000,"height":3000},{"@type":"BreadcrumbList","@id":"https:\/\/www.shpf.fr\/en\/what-is-the-shpf-societe-de-lhistoire-du-protestantisme-francais-french-protestant-historical-society\/#breadcrumb","itemListElement":[{"@type":"ListItem","position":1,"name":"Accueil","item":"https:\/\/www.shpf.fr\/"},{"@type":"ListItem","position":2,"name":"What is the SHPF- Soci\u00e9t\u00e9 de l\u2019Histoire du Protestantisme Fran\u00e7ais"}]},{"@type":"WebSite","@id":"https:\/\/www.shpf.fr\/#website","url":"https:\/\/www.shpf.fr\/","name":"Soci\u00e9t\u00e9 de l&#039;Histoire du Protestantisme Fran\u00e7ais","description":"Soci\u00e9t\u00e9 savante fond\u00e9e en 1852","potentialAction":[{"@type":"SearchAction","target":{"@type":"EntryPoint","urlTemplate":"https:\/\/www.shpf.fr\/?s={search_term_string}"},"query-input":{"@type":"PropertyValueSpecification","valueRequired":true,"valueName":"search_term_string"}}],"inLanguage":"en-US"}]}},"_links":{"self":[{"href":"https:\/\/www.shpf.fr\/en\/wp-json\/wp\/v2\/pages\/3236","targetHints":{"allow":["GET"]}}],"collection":[{"href":"https:\/\/www.shpf.fr\/en\/wp-json\/wp\/v2\/pages"}],"about":[{"href":"https:\/\/www.shpf.fr\/en\/wp-json\/wp\/v2\/types\/page"}],"author":[{"embeddable":true,"href":"https:\/\/www.shpf.fr\/en\/wp-json\/wp\/v2\/users\/2"}],"replies":[{"embeddable":true,"href":"https:\/\/www.shpf.fr\/en\/wp-json\/wp\/v2\/comments?post=3236"}],"version-history":[{"count":12,"href":"https:\/\/www.shpf.fr\/en\/wp-json\/wp\/v2\/pages\/3236\/revisions"}],"predecessor-version":[{"id":3248,"href":"https:\/\/www.shpf.fr\/en\/wp-json\/wp\/v2\/pages\/3236\/revisions\/3248"}],"wp:featuredmedia":[{"embeddable":true,"href":"https:\/\/www.shpf.fr\/en\/wp-json\/wp\/v2\/media\/1636"}],"wp:attachment":[{"href":"https:\/\/www.shpf.fr\/en\/wp-json\/wp\/v2\/media?parent=3236"}],"curies":[{"name":"wp","href":"https:\/\/api.w.org\/{rel}","templated":true}]}}